{"id":2314,"date":"2021-07-02T01:05:27","date_gmt":"2021-07-01T23:05:27","guid":{"rendered":"https:\/\/dentoconseil.com\/?page_id=2314"},"modified":"2021-07-12T12:50:01","modified_gmt":"2021-07-12T10:50:01","slug":"pole-emploi","status":"publish","type":"page","link":"https:\/\/dentoconseil.com\/index.php\/pole-emploi\/","title":{"rendered":"P\u00f4le Emploi"},"content":{"rendered":"\t\t<div data-elementor-type=\"wp-page\" data-elementor-id=\"2314\" class=\"elementor elementor-2314\" data-elementor-post-type=\"page\">\n\t\t\t\t\t\t<section class=\"elementor-section elementor-top-section elementor-element elementor-element-20bd7142 elementor-section-boxed elementor-section-height-default elementor-section-height-default\" data-id=\"20bd7142\" data-element_type=\"section\">\n\t\t\t\t\t\t<div class=\"elementor-container elementor-column-gap-default\">\n\t\t\t\t\t<div class=\"elementor-column elementor-col-100 elementor-top-column elementor-element elementor-element-5e5aace5\" data-id=\"5e5aace5\" data-element_type=\"column\">\n\t\t\t<div class=\"elementor-widget-wrap elementor-element-populated\">\n\t\t\t\t\t\t<div class=\"elementor-element elementor-element-fd50ec0 elementor-widget elementor-widget-spacer\" data-id=\"fd50ec0\" data-element_type=\"widget\" data-widget_type=\"spacer.default\">\n\t\t\t\t<div class=\"elementor-widget-container\">\n\t\t\t\t\t\t\t<div class=\"elementor-spacer\">\n\t\t\t<div class=\"elementor-spacer-inner\"><\/div>\n\t\t<\/div>\n\t\t\t\t\t\t<\/div>\n\t\t\t\t<\/div>\n\t\t\t\t<div class=\"elementor-element elementor-element-4f4ed55d elementor-widget elementor-widget-heading\" data-id=\"4f4ed55d\" data-element_type=\"widget\" data-widget_type=\"heading.default\">\n\t\t\t\t<div class=\"elementor-widget-container\">\n\t\t\t\t\t<h2 class=\"elementor-heading-title elementor-size-default\">P\u00f4le Emploi<\/h2>\t\t\t\t<\/div>\n\t\t\t\t<\/div>\n\t\t\t\t<div class=\"elementor-element elementor-element-1d1cfa42 elementor-widget elementor-widget-spacer\" data-id=\"1d1cfa42\" data-element_type=\"widget\" data-widget_type=\"spacer.default\">\n\t\t\t\t<div class=\"elementor-widget-container\">\n\t\t\t\t\t\t\t<div class=\"elementor-spacer\">\n\t\t\t<div class=\"elementor-spacer-inner\"><\/div>\n\t\t<\/div>\n\t\t\t\t\t\t<\/div>\n\t\t\t\t<\/div>\n\t\t\t\t\t<\/div>\n\t\t<\/div>\n\t\t\t\t\t<\/div>\n\t\t<\/section>\n\t\t\t\t<section class=\"elementor-section elementor-top-section elementor-element elementor-element-3b733df8 elementor-section-boxed elementor-section-height-default elementor-section-height-default\" data-id=\"3b733df8\" data-element_type=\"section\">\n\t\t\t\t\t\t<div class=\"elementor-container elementor-column-gap-default\">\n\t\t\t\t\t<div class=\"elementor-column elementor-col-100 elementor-top-column elementor-element elementor-element-6fbf6867\" data-id=\"6fbf6867\" data-element_type=\"column\" data-settings=\"{&quot;background_background&quot;:&quot;classic&quot;}\">\n\t\t\t<div class=\"elementor-widget-wrap elementor-element-populated\">\n\t\t\t\t\t\t<div class=\"elementor-element elementor-element-8cddd01 elementor-widget elementor-widget-heading\" data-id=\"8cddd01\" data-element_type=\"widget\" data-widget_type=\"heading.default\">\n\t\t\t\t<div class=\"elementor-widget-container\">\n\t\t\t\t\t<h2 class=\"elementor-heading-title elementor-size-default\">L'action de formation pr\u00e9alable au recrutement (AFPR)\n<\/h2>\t\t\t\t<\/div>\n\t\t\t\t<\/div>\n\t\t\t\t<div class=\"elementor-element elementor-element-6779f915 elementor-widget elementor-widget-text-editor\" data-id=\"6779f915\" data-element_type=\"widget\" data-widget_type=\"text-editor.default\">\n\t\t\t\t<div class=\"elementor-widget-container\">\n\t\t\t\t\t\t\t\t\t<p>L&rsquo;Action de Formation Pr\u00e9alable au Recrutement (AFPR) permet la mise en place d&rsquo;une formation de pr\u00e9paration \u00e0 cette prise de poste. Elle finance en partie les frais que vous engagez pour une formation r\u00e9alis\u00e9e en interne ou en organisme ext\u00e9rieur.<\/p><p>Vous sollicitez P\u00f4le emploi pour un recrutement : un CDD d&rsquo;au moins six mois \u00e0 moins de douze mois, un contrat de professionnalisation \u00e0 dur\u00e9e d\u00e9termin\u00e9e, un contrat de travail temporaire pour des missions de minimum six mois dans les neuf prochains mois. Votre conseiller a diagnostiqu\u00e9 avec vous la difficult\u00e9 de trouver un candidat correspondant exactement au profil de poste.<br \/>L&rsquo;objectif est de r\u00e9sorber efficacement l&rsquo;\u00e9cart entre les comp\u00e9tences du candidat que vous retenez et les comp\u00e9tences requises par le poste.<br \/><strong><span style=\"color: #fad743;\">QUELS EMPLOYEURS ?<\/span><\/strong><br \/>Tous les employeurs du secteur priv\u00e9 ou secteur public.<br \/><strong><span style=\"color: #fad743;\">QUI FORMER ?<\/span><\/strong><br \/>Le demandeur d&#8217;emploi, indemnis\u00e9 ou non, pr\u00e9s\u00e9lectionn\u00e9 sur l\u2019emploi \u00e0 pourvoir est form\u00e9 sur\u00a0une dur\u00e9e de 400 heures maximum, afin de lui permettre d&rsquo;acqu\u00e9rir les qualifications et comp\u00e9tences professionnelles n\u00e9cessaires pour acc\u00e9der \u00e0 un emploi vacant.<br \/>L&rsquo;action de formation pr\u00e9alable au recrutement peut \u00eatre mise en place pour une formation pr\u00e9-qualifiante pr\u00e9c\u00e9dant un contrat de professionnalisation.<br \/><span style=\"color: #fad743;\"><strong>QUELS AVANTAGES ?<\/strong><\/span><br \/>L&rsquo;action de formation pr\u00e9alable au recrutement vous permet d&#8217;embaucher, \u00e0 l&rsquo;issue d&rsquo;une formation d\u00e9finie avec vous, un candidat imm\u00e9diatement op\u00e9rationnel sur son poste de travail. L&rsquo;acquisition des comp\u00e9tences pour occuper ce poste peut se faire soit dans votre entreprise, soit dans un centre de formation.<br \/>Une aide au financement de la formation vous est vers\u00e9e si vous embauchez le demandeur d&#8217;emploi dans les conditions pr\u00e9vues au moment de la signature de la convention AFPR :<br \/>aide maximale de\u00a0<b>5 \u20ac net par heure pour une formation interne, dans la limite de 2 000 \u20ac<\/b>,<br \/>aide maximale de\u00a0<b>8 \u20ac net par heure de formation externe, soit 3 200 \u20ac au maximum pour 400h de formation.<\/b><\/p>\t\t\t\t\t\t\t\t<\/div>\n\t\t\t\t<\/div>\n\t\t\t\t\t<\/div>\n\t\t<\/div>\n\t\t\t\t\t<\/div>\n\t\t<\/section>\n\t\t\t\t<section class=\"elementor-section elementor-top-section elementor-element elementor-element-3f3b122b elementor-section-boxed elementor-section-height-default elementor-section-height-default\" data-id=\"3f3b122b\" data-element_type=\"section\">\n\t\t\t\t\t\t<div class=\"elementor-container elementor-column-gap-default\">\n\t\t\t\t\t<div class=\"elementor-column elementor-col-100 elementor-top-column elementor-element elementor-element-12fd9cc6\" data-id=\"12fd9cc6\" data-element_type=\"column\">\n\t\t\t<div class=\"elementor-widget-wrap elementor-element-populated\">\n\t\t\t\t\t\t<div class=\"elementor-element elementor-element-396abd9b elementor-widget elementor-widget-spacer\" data-id=\"396abd9b\" data-element_type=\"widget\" data-widget_type=\"spacer.default\">\n\t\t\t\t<div class=\"elementor-widget-container\">\n\t\t\t\t\t\t\t<div class=\"elementor-spacer\">\n\t\t\t<div class=\"elementor-spacer-inner\"><\/div>\n\t\t<\/div>\n\t\t\t\t\t\t<\/div>\n\t\t\t\t<\/div>\n\t\t\t\t\t<\/div>\n\t\t<\/div>\n\t\t\t\t\t<\/div>\n\t\t<\/section>\n\t\t\t\t<section class=\"elementor-section elementor-top-section elementor-element elementor-element-668558c5 elementor-section-boxed elementor-section-height-default elementor-section-height-default\" data-id=\"668558c5\" data-element_type=\"section\">\n\t\t\t\t\t\t<div class=\"elementor-container elementor-column-gap-default\">\n\t\t\t\t\t<div class=\"elementor-column elementor-col-100 elementor-top-column elementor-element elementor-element-193236bd\" data-id=\"193236bd\" data-element_type=\"column\" data-settings=\"{&quot;background_background&quot;:&quot;classic&quot;}\">\n\t\t\t<div class=\"elementor-widget-wrap elementor-element-populated\">\n\t\t\t\t\t\t<div class=\"elementor-element elementor-element-7339454 elementor-widget elementor-widget-heading\" data-id=\"7339454\" data-element_type=\"widget\" data-widget_type=\"heading.default\">\n\t\t\t\t<div class=\"elementor-widget-container\">\n\t\t\t\t\t<h2 class=\"elementor-heading-title elementor-size-default\">La Pr\u00e9paration Op\u00e9rationnelle \u00e0 l\u2019Emploi individuelle (POE I)<\/h2>\t\t\t\t<\/div>\n\t\t\t\t<\/div>\n\t\t\t\t<div class=\"elementor-element elementor-element-3572b573 elementor-widget elementor-widget-text-editor\" data-id=\"3572b573\" data-element_type=\"widget\" data-widget_type=\"text-editor.default\">\n\t\t\t\t<div class=\"elementor-widget-container\">\n\t\t\t\t\t\t\t\t\t<p>La Pr\u00e9paration Op\u00e9rationnelle \u00e0 l\u2019Emploi individuelle (POE I) permet la mise en place d&rsquo;une formation de pr\u00e9paration \u00e0 cette prise de poste.<\/p><p>Vous sollicitez P\u00f4le emploi pour un recrutement : un contrat \u00e0 dur\u00e9e d\u00e9termin\u00e9e (CDD) d&rsquo;au moins douze mois, contrat \u00e0 dur\u00e9e ind\u00e9termin\u00e9e (CDI). Votre conseiller a diagnostiqu\u00e9 avec vous la difficult\u00e9 de trouver un candidat correspondant exactement au profil du poste. La Pr\u00e9paration Op\u00e9rationnelle \u00e0 l\u2019Emploi individuelle (POE I) permet la mise en place d&rsquo;une formation de pr\u00e9paration \u00e0 cette prise de poste. La POE individuelle permet de r\u00e9sorber efficacement l&rsquo;\u00e9cart entre les comp\u00e9tences du candidat que vous retenez et les comp\u00e9tences requises par le poste. Elle finance tout ou partie des frais que vous engagez pour une formation r\u00e9alis\u00e9e en interne ou en organisme ext\u00e9rieur.L\u2019OPCO (Op\u00e9rateur de comp\u00e9tences) dont votre entreprise rel\u00e8ve peut contribuer au financement de la formation et apporter son expertise dans le choix final de l\u2019Organisme de Formation pour former le candidat que vous avez retenu.<br \/><span style=\"color: #fad743;\"><strong>QUELS EMPLOYEURS ?<\/strong><\/span><br \/>Tous les employeurs du secteur priv\u00e9 ou secteur public.<br \/><strong><span style=\"color: #fad743;\">QUI FORMER ?<\/span><\/strong><br \/>Le demandeur d&#8217;emploi, indemnis\u00e9 ou non, pr\u00e9s\u00e9lectionn\u00e9 sur l\u2019emploi \u00e0 pourvoir est form\u00e9 sur\u00a0une dur\u00e9e de <b>400 heures maximum<\/b>, afin de lui permettre d&rsquo;acqu\u00e9rir les qualifications et comp\u00e9tences professionnelles n\u00e9cessaires pour acc\u00e9der \u00e0 un emploi vacant.<br \/>La pr\u00e9paration op\u00e9rationnelle \u00e0 l\u2019emploi individuelle peut \u00eatre mise en place pour une formation pr\u00e9-qualifiante pr\u00e9parant \u00e0 la conclusion d&rsquo;un contrat de professionnalisation ou un contrat d&rsquo;apprentissage.<br \/><strong><span style=\"color: #fad743;\">QUELS AVANTAGES ?<\/span><\/strong><br \/>La pr\u00e9paration op\u00e9rationnelle \u00e0 l\u2019emploi individuelle vous permet d&#8217;embaucher, \u00e0 l&rsquo;issue d&rsquo;une formation d\u00e9finie avec vous, un candidat imm\u00e9diatement op\u00e9rationnel sur son poste de travail. L&rsquo;acquisition des comp\u00e9tences pour occuper ce poste peut se faire soit dans votre entreprise via l\u2019organisme de formation interne \u00e0 votre entreprise, soit dans un centre de formation externe \u00e0 votre entreprise. Il est possible, en plus de ces heures r\u00e9alis\u00e9es en centre de formation, de pr\u00e9voir une p\u00e9riode d&rsquo;application au sein de l\u2019entreprise, sous forme de tutorat. Dans ce dernier cas, les heures ne seront pas prises en charge par P\u00f4le emploi.<br \/>Une aide au financement de la formation vous est vers\u00e9e une fois la formation r\u00e9alis\u00e9e \u00e0 l&rsquo;appui de l&#8217;embauche du candidat form\u00e9 : aide maximale de\u00a0<b>5 \u20ac \u00a0par heure pour une formation interne, dans la limite de 2 000 \u20ac,<\/b><br \/>Une aide maximale de\u00a0<b>8 \u20ac par heure de formation externe, soit 3 200 \u20ac au maximum pour 400h de formation<\/b>.<br \/>Un co-financement des OPCO pourrait \u00eatre possible<br \/>Un surfinancement de P\u00f4le emploi pourrait \u00e9galement \u00eatre possible pour les demandeurs d\u2019emploi, b\u00e9n\u00e9ficiaires du Plan d\u2019investissement dans les comp\u00e9tences (PIC).<br \/><b>L\u2019OPCO dont votre entreprise rel\u00e9ve peut, s\u2019il est signataire de la convention nationale avec P\u00f4le emploi, et selon les modalit\u00e9s qu\u2019il aura d\u00e9finies, financer tout ou partie du co\u00fbt restant \u00e0 votre charge pour les heures de formation r\u00e9alis\u00e9es en organisme de formation (interne ou externe).<\/b><\/p>\t\t\t\t\t\t\t\t<\/div>\n\t\t\t\t<\/div>\n\t\t\t\t\t<\/div>\n\t\t<\/div>\n\t\t\t\t\t<\/div>\n\t\t<\/section>\n\t\t\t\t<section class=\"elementor-section elementor-top-section elementor-element elementor-element-22275e8e elementor-section-boxed elementor-section-height-default elementor-section-height-default\" data-id=\"22275e8e\" data-element_type=\"section\">\n\t\t\t\t\t\t<div class=\"elementor-container elementor-column-gap-default\">\n\t\t\t\t\t<div class=\"elementor-column elementor-col-100 elementor-top-column elementor-element elementor-element-16879899\" data-id=\"16879899\" data-element_type=\"column\">\n\t\t\t<div class=\"elementor-widget-wrap elementor-element-populated\">\n\t\t\t\t\t\t<div class=\"elementor-element elementor-element-2249bbd5 elementor-widget elementor-widget-spacer\" data-id=\"2249bbd5\" data-element_type=\"widget\" data-widget_type=\"spacer.default\">\n\t\t\t\t<div class=\"elementor-widget-container\">\n\t\t\t\t\t\t\t<div class=\"elementor-spacer\">\n\t\t\t<div class=\"elementor-spacer-inner\"><\/div>\n\t\t<\/div>\n\t\t\t\t\t\t<\/div>\n\t\t\t\t<\/div>\n\t\t\t\t\t<\/div>\n\t\t<\/div>\n\t\t\t\t\t<\/div>\n\t\t<\/section>\n\t\t\t\t<section class=\"elementor-section elementor-top-section elementor-element elementor-element-2cc2a90a elementor-section-boxed elementor-section-height-default elementor-section-height-default\" data-id=\"2cc2a90a\" data-element_type=\"section\">\n\t\t\t\t\t\t<div class=\"elementor-container elementor-column-gap-default\">\n\t\t\t\t\t<div class=\"elementor-column elementor-col-100 elementor-top-column elementor-element elementor-element-3d41424d\" data-id=\"3d41424d\" data-element_type=\"column\" data-settings=\"{&quot;background_background&quot;:&quot;classic&quot;}\">\n\t\t\t<div class=\"elementor-widget-wrap elementor-element-populated\">\n\t\t\t\t\t\t<div class=\"elementor-element elementor-element-605244f6 elementor-widget elementor-widget-heading\" data-id=\"605244f6\" data-element_type=\"widget\" data-widget_type=\"heading.default\">\n\t\t\t\t<div class=\"elementor-widget-container\">\n\t\t\t\t\t<h2 class=\"elementor-heading-title elementor-size-default\">L'aide unique \u00e0 l'apprentissage\n<\/h2>\t\t\t\t<\/div>\n\t\t\t\t<\/div>\n\t\t\t\t<div class=\"elementor-element elementor-element-3afdf422 elementor-widget elementor-widget-text-editor\" data-id=\"3afdf422\" data-element_type=\"widget\" data-widget_type=\"text-editor.default\">\n\t\t\t\t<div class=\"elementor-widget-container\">\n\t\t\t\t\t\t\t\t\t<p>Une aide unique pour les employeurs qui recrutent en contrat d\u2019apprentissage a \u00e9t\u00e9 instaur\u00e9e \u00e0 compter du 1er janvier 2019.<\/p><p><strong><span style=\"color: #fad743;\">QUELS EN SONT LES GRANDS PRINCIPES ?<\/span><\/strong><br \/>Dans une optique de simplification, cette aide se substitue \u00e0 quatre dispositifs existants pour les contrats d\u2019apprentissage conclus \u00e0 compter du 1er janvier 2019 :<br \/>L\u2019aide TPE jeunes apprentis,<br \/>La prime r\u00e9gionale \u00e0 l\u2019apprentissage pour les TPE,<br \/>L\u2019aide au recrutement d\u2019un apprenti suppl\u00e9mentaire,<br \/>Le cr\u00e9dit d\u2019imp\u00f4t apprentissage.<\/p><p><span style=\"color: #fad743;\"><b>Trois conditions sont \u00e0 respecter pour pouvoir b\u00e9n\u00e9ficier de l\u2019aide unique :<br \/><\/b><\/span>Etre une entreprise de moins de 250 salari\u00e9s,<br \/>Conclure un contrat d\u2019apprentissage \u00e0 compter du 1er janvier 2019,<br \/>Recruter un apprenti qui pr\u00e9pare un dipl\u00f4me ou un titre \u00e0 finalit\u00e9 professionnelle de niveau inf\u00e9rieur ou \u00e9gal au BAC.<\/p><p><span style=\"color: #fad743;\"><b>Quel est le montant de l&rsquo;aide ?<br \/><\/b><\/span>4125 \u20ac maximum pour la 1\u00e9re ann\u00e9e d\u2019ex\u00e9cution du contrat,<br \/>2000 \u20ac maximum pour la 2\u00e9me ann\u00e9e d\u2019ex\u00e9cution du contrat,<br \/>1200 \u20ac maximum pour la 3\u00e9me ann\u00e9e d\u2019ex\u00e9cution du contrat,<br \/>1200 \u20ac maximum pour la 4\u00e8me ann\u00e9e d\u2019ex\u00e9cution du contrat (dans les cas pr\u00e9vus au contrat).<\/p><p><span style=\"color: #fad743;\"><strong>Quelles sont les modalit\u00e9s d\u2019attribution de l\u2019aide ?<\/strong><\/span><br \/>Le b\u00e9n\u00e9fice de l&rsquo;aide est subordonn\u00e9 \u00e0 l&rsquo;enregistrement du contrat d&rsquo;apprentissage par la chambre consulaire comp\u00e9tente (aupr\u00e8s de l\u2019op\u00e9rateur de comp\u00e9tences \u00e0 compter du 1er janvier 2020).<br \/>Une fois le contrat enregistr\u00e9, la demande est enclench\u00e9e automatiquement par les services du Minist\u00e8re du Travail pour les contrats \u00e9ligibles (moins de 250 salari\u00e9s, niveau inf\u00e9rieur ou \u00e9gal au Bac).<br \/>L\u2019aide est vers\u00e9e chaque mois par anticipation de la r\u00e9mun\u00e9ration par l\u2019Agence des services et de paiement (ASP : https:\/\/www.asp-public.fr\/) et \u00e0 compter du d\u00e9but de l\u2019ex\u00e9cution du contrat.<br \/><a href=\"https:\/\/sylae.asp-public.fr\/sylae\/\" target=\"_blank\" rel=\"noopener\">Toutes les informations sont disponibles dans l\u2019espace d\u00e9di\u00e9 aux employeurs sur le portail SYLA\u00e9 :\u00a0https:\/\/sylae.asp-public.fr\/sylae<\/a><\/p><p>Besoin d&rsquo;aide pour confirmer votre \u00e9ligibilit\u00e9 ou vous accompagner.<\/p>\t\t\t\t\t\t\t\t<\/div>\n\t\t\t\t<\/div>\n\t\t\t\t<div class=\"elementor-element elementor-element-5c7c60a elementor-align-center elementor-widget elementor-widget-button\" data-id=\"5c7c60a\" data-element_type=\"widget\" data-widget_type=\"button.default\">\n\t\t\t\t<div class=\"elementor-widget-container\">\n\t\t\t\t\t\t\t\t\t<div class=\"elementor-button-wrapper\">\n\t\t\t\t\t<a class=\"elementor-button elementor-button-link elementor-size-sm elementor-animation-grow\" href=\"https:\/\/dentoconseil.com\/index.php\/contact-2\/\">\n\t\t\t\t\t\t<span class=\"elementor-button-content-wrapper\">\n\t\t\t\t\t\t<span class=\"elementor-button-icon\">\n\t\t\t\t<i aria-hidden=\"true\" class=\"fas fa-phone\"><\/i>\t\t\t<\/span>\n\t\t\t\t\t\t\t\t\t<span class=\"elementor-button-text\">Vous avez une question ? Prendre RDV <\/span>\n\t\t\t\t\t<\/span>\n\t\t\t\t\t<\/a>\n\t\t\t\t<\/div>\n\t\t\t\t\t\t\t\t<\/div>\n\t\t\t\t<\/div>\n\t\t\t\t\t<\/div>\n\t\t<\/div>\n\t\t\t\t\t<\/div>\n\t\t<\/section>\n\t\t\t\t<section class=\"elementor-section elementor-top-section elementor-element elementor-element-5d3c47ca elementor-section-boxed elementor-section-height-default elementor-section-height-default\" data-id=\"5d3c47ca\" data-element_type=\"section\">\n\t\t\t\t\t\t<div class=\"elementor-container elementor-column-gap-default\">\n\t\t\t\t\t<div class=\"elementor-column elementor-col-100 elementor-top-column elementor-element elementor-element-512f2c3\" data-id=\"512f2c3\" data-element_type=\"column\">\n\t\t\t<div class=\"elementor-widget-wrap elementor-element-populated\">\n\t\t\t\t\t\t<div class=\"elementor-element elementor-element-58cb7873 elementor-widget elementor-widget-spacer\" data-id=\"58cb7873\" data-element_type=\"widget\" data-widget_type=\"spacer.default\">\n\t\t\t\t<div class=\"elementor-widget-container\">\n\t\t\t\t\t\t\t<div class=\"elementor-spacer\">\n\t\t\t<div class=\"elementor-spacer-inner\"><\/div>\n\t\t<\/div>\n\t\t\t\t\t\t<\/div>\n\t\t\t\t<\/div>\n\t\t\t\t\t<\/div>\n\t\t<\/div>\n\t\t\t\t\t<\/div>\n\t\t<\/section>\n\t\t\t\t<section class=\"elementor-section elementor-top-section elementor-element elementor-element-2959bf5f elementor-section-boxed elementor-section-height-default elementor-section-height-default\" data-id=\"2959bf5f\" data-element_type=\"section\">\n\t\t\t\t\t\t<div class=\"elementor-container elementor-column-gap-default\">\n\t\t\t\t\t<div class=\"elementor-column elementor-col-100 elementor-top-column elementor-element elementor-element-3d283571\" data-id=\"3d283571\" data-element_type=\"column\" data-settings=\"{&quot;background_background&quot;:&quot;classic&quot;}\">\n\t\t\t<div class=\"elementor-widget-wrap elementor-element-populated\">\n\t\t\t\t\t\t<div class=\"elementor-element elementor-element-7e94a5fd elementor-widget elementor-widget-heading\" data-id=\"7e94a5fd\" data-element_type=\"widget\" data-widget_type=\"heading.default\">\n\t\t\t\t<div class=\"elementor-widget-container\">\n\t\t\t\t\t<h2 class=\"elementor-heading-title elementor-size-default\">L'Aide individuelle \u00e0 la formation (AIF)\n<\/h2>\t\t\t\t<\/div>\n\t\t\t\t<\/div>\n\t\t\t\t<div class=\"elementor-element elementor-element-148ae492 elementor-widget elementor-widget-text-editor\" data-id=\"148ae492\" data-element_type=\"widget\" data-widget_type=\"text-editor.default\">\n\t\t\t\t<div class=\"elementor-widget-container\">\n\t\t\t\t\t\t\t\t\t<p>La formation est une \u00e9tape d\u00e9terminante dans la reprise d&rsquo;un emploi. L&rsquo;AIF peut \u00eatre un v\u00e9ritable tremplin dans la r\u00e9alisation de votre projet.<\/p>\n<p><span style=\"color: #fad743;\"><strong>JE M&rsquo;INFORME<\/strong><\/span><br>Dans le cas o\u00f9 les dispositifs de financements existants (ceux des collectivit\u00e9s territoriales, des organismes paritaires collecteurs agr\u00e9\u00e9s &#8211; OPC\u2026)&nbsp;ne peuvent pas prendre en charge votre projet de formation, partiellement ou enti\u00e8rement, contactez votre conseiller P\u00f4le emploi pour savoir s&rsquo;il vous est possible de b\u00e9n\u00e9ficier d\u2019une Aide individuelle \u00e0 la formation (AIF) qui contribuera au financement des frais p\u00e9dagogiques de votre formation.<br><strong><span style=\"color: #fad743;\">QUI PEUT EN B\u00c9N\u00c9FICIER ?<\/span><\/strong><br>Les demandeurs d&#8217;emploi<br>Les personnes en accompagnement CRP\/CTP ou CSP<br><span style=\"color: #fad743;\"><strong>QUELLES SONT LES FORMATIONS CONCERN\u00c9ES ?<\/strong><\/span><br><a href=\"https:\/\/candidat.pole-emploi.fr\/formations\/accueil\" target=\"_blank\" rel=\"noopener\">La page \u00ab\u00a0Trouver ma formation\u00a0\u00bb sur pole-emploi.fr vous donne acc\u00e8s \u00e0 un catalogue d\u2019offres de formations, qui regroupe l\u2019ensemble des formations accessibles aux demandeurs d\u2019emploi dans la France enti\u00e8re.<\/a><\/p>\n<p><strong><span style=\"color: #fad743;\">QUELLES SONT LES D\u00c9MARCHES \u00c0 SUIVRE ?<\/span><\/strong><br>Vous devez&nbsp;<b>faire valider votre projet de formation par votre conseiller<\/b>&nbsp;avant tout financement possible par P\u00f4le emploi.&nbsp;<b>Votre d\u00e9marche de formation doit \u00eatre coh\u00e9rente et pertinente<\/b>&nbsp;avec un projet de reprise d\u2019emploi ou d\u2019activit\u00e9.<br>Votre conseiller P\u00f4le emploi validera votre projet&nbsp;<b>au regard du contenu, des co\u00fbts p\u00e9dagogiques, et de la dur\u00e9e de l\u2019action de formation<\/b>, mais aussi sur son efficacit\u00e9 pour votre retour \u00e0 l\u2019emploi.<br><b>le formulaire AIF doit \u00eatre compl\u00e9t\u00e9 par l&rsquo;organisme de formation que vous avez identifi\u00e9, et remis \u00e0 P\u00f4le emploi au plus tard&nbsp;<br>15 jours avant l&rsquo;entr\u00e9e en formation<\/b><br><strong><span style=\"color: #fad743;\">QUELLE EST LA PRISE EN CHARGE DE L\u2019AIDE<\/span><\/strong><br>L\u2019Aide individuelle \u00e0 la formation couvre&nbsp;<b>l\u2019int\u00e9gralit\u00e9 du&nbsp;co\u00fbt de la formation<\/b>&nbsp;restant \u00e0 votre&nbsp;<b>charge<\/b>,&nbsp;suite \u00e0 l\u2019intervention des autres financeurs. Elle est vers\u00e9e directement \u00e0 l&rsquo;organisme de formation.<br><b>A savoir<\/b> :&nbsp;vous pouvez financer vous-m\u00eame le montant restant \u00e0 votre charge en mobilisant votre&nbsp;<b>Compte personnel de formation.<\/b><br><strong><span style=\"color: #fad743;\">SERAIS-JE R\u00c9MUN\u00c9R\u00c9 DURANT MA FORMATION ?<\/span><\/strong><br><b>Si vous \u00eates indemnis\u00e9 en allocation d&rsquo;aide au retour \u00e0 l&#8217;emploi (ARE)<\/b>, allocation sp\u00e9cifique de reclassement (ASR) (en convention de reclassement personnalis\u00e9) ou allocation de transition professionnelle (ATP) (en contrat de transition professionnelle) ou allocation de s\u00e9curisation professionnelle (ASP) (en contrat de s\u00e9curisation professionnelle),&nbsp;vous conserverez celle-ci durant toute la dur\u00e9e de votre formation.<br>Dans le cas contraire, vous pouvez b\u00e9n\u00e9ficier d\u2019une&nbsp;<b>r\u00e9mun\u00e9ration de formation P\u00f4le emploi (RFPE)<\/b>&nbsp;&#8211; hors bilan de comp\u00e9tences.&nbsp;<br><a href=\"https:\/\/www.pole-emploi.fr\/candidat\/en-formation\/mes-aides-financieres\/jentre-en-formation---laide-au-d.html\" target=\"_blank\" rel=\"noopener\">A noter :&nbsp;dans certains cas,&nbsp;une aide \u00e0 la mobilit\u00e9&nbsp;prenant en charge vos frais de d\u00e9placement, de repas et\/ou d\u2019h\u00e9bergement peut vous \u00eatre attribu\u00e9e pendant la formation. Rapprochez-vous de votre conseiller pour plus d\u2019informations \u00e0 ce sujet.<\/a><\/p>\t\t\t\t\t\t\t\t<\/div>\n\t\t\t\t<\/div>\n\t\t\t\t<div class=\"elementor-element elementor-element-6180dd1a elementor-align-center elementor-widget elementor-widget-button\" data-id=\"6180dd1a\" data-element_type=\"widget\" data-widget_type=\"button.default\">\n\t\t\t\t<div class=\"elementor-widget-container\">\n\t\t\t\t\t\t\t\t\t<div class=\"elementor-button-wrapper\">\n\t\t\t\t\t<a class=\"elementor-button elementor-button-link elementor-size-sm elementor-animation-grow\" href=\"https:\/\/dentoconseil.com\/index.php\/contact-2\/\">\n\t\t\t\t\t\t<span class=\"elementor-button-content-wrapper\">\n\t\t\t\t\t\t<span class=\"elementor-button-icon\">\n\t\t\t\t<i aria-hidden=\"true\" class=\"fas fa-phone\"><\/i>\t\t\t<\/span>\n\t\t\t\t\t\t\t\t\t<span class=\"elementor-button-text\">Vous avez une question ? Prendre RDV <\/span>\n\t\t\t\t\t<\/span>\n\t\t\t\t\t<\/a>\n\t\t\t\t<\/div>\n\t\t\t\t\t\t\t\t<\/div>\n\t\t\t\t<\/div>\n\t\t\t\t\t<\/div>\n\t\t<\/div>\n\t\t\t\t\t<\/div>\n\t\t<\/section>\n\t\t\t\t<\/div>\n\t\t","protected":false},"excerpt":{"rendered":"<p>P\u00f4le Emploi L&rsquo;action de formation pr\u00e9alable au recrutement (AFPR) L&rsquo;Action de Formation Pr\u00e9alable au Recrutement (AFPR) permet la mise en place d&rsquo;une formation de pr\u00e9paration \u00e0 cette prise de poste. Elle finance en partie les frais que vous engagez pour une formation r\u00e9alis\u00e9e en interne ou en organisme ext\u00e9rieur. Vous sollicitez P\u00f4le emploi pour un [&hellip;]<\/p>\n","protected":false},"author":1,"featured_media":0,"parent":0,"menu_order":0,"comment_status":"closed","ping_status":"closed","template":"elementor_header_footer","meta":{"footnotes":""},"class_list":["post-2314","page","type-page","status-publish","hentry"],"yoast_head":"<!-- This site is optimized with the Yoast SEO plugin v26.6 - https:\/\/yoast.com\/wordpress\/plugins\/seo\/ -->\n<title>P\u00f4le Emploi - Dento Conseil - Renseignez-vous sur vos droits...<\/title>\n<meta name=\"description\" content=\"P\u00f4le emploi est un \u00e9tablissement public \u00e0 caract\u00e8re administratif, charg\u00e9 de l&#039;emploi en France. DentOconseil vous donne plus de pr\u00e9cisions..\" \/>\n<meta name=\"robots\" content=\"index, follow, max-snippet:-1, max-image-preview:large, max-video-preview:-1\" \/>\n<link rel=\"canonical\" href=\"https:\/\/dentoconseil.com\/index.php\/pole-emploi\/\" \/>\n<meta property=\"og:locale\" content=\"fr_FR\" \/>\n<meta property=\"og:type\" content=\"article\" \/>\n<meta property=\"og:title\" content=\"P\u00f4le Emploi - Dento Conseil - Renseignez-vous sur vos droits...\" \/>\n<meta property=\"og:description\" content=\"P\u00f4le emploi est un \u00e9tablissement public \u00e0 caract\u00e8re administratif, charg\u00e9 de l&#039;emploi en France. DentOconseil vous donne plus de pr\u00e9cisions..\" \/>\n<meta property=\"og:url\" content=\"https:\/\/dentoconseil.com\/index.php\/pole-emploi\/\" \/>\n<meta property=\"og:site_name\" content=\"Dento Conseil\" \/>\n<meta property=\"article:modified_time\" content=\"2021-07-12T10:50:01+00:00\" \/>\n<meta name=\"twitter:card\" content=\"summary_large_image\" \/>\n<meta name=\"twitter:label1\" content=\"Dur\u00e9e de lecture estim\u00e9e\" \/>\n\t<meta name=\"twitter:data1\" content=\"7 minutes\" \/>\n<script type=\"application\/ld+json\" class=\"yoast-schema-graph\">{\"@context\":\"https:\/\/schema.org\",\"@graph\":[{\"@type\":\"WebPage\",\"@id\":\"https:\/\/dentoconseil.com\/index.php\/pole-emploi\/\",\"url\":\"https:\/\/dentoconseil.com\/index.php\/pole-emploi\/\",\"name\":\"P\u00f4le Emploi - Dento Conseil - Renseignez-vous sur vos droits...\",\"isPartOf\":{\"@id\":\"https:\/\/dentoconseil.com\/#website\"},\"datePublished\":\"2021-07-01T23:05:27+00:00\",\"dateModified\":\"2021-07-12T10:50:01+00:00\",\"description\":\"P\u00f4le emploi est un \u00e9tablissement public \u00e0 caract\u00e8re administratif, charg\u00e9 de l'emploi en France. DentOconseil vous donne plus de pr\u00e9cisions..\",\"breadcrumb\":{\"@id\":\"https:\/\/dentoconseil.com\/index.php\/pole-emploi\/#breadcrumb\"},\"inLanguage\":\"fr-FR\",\"potentialAction\":[{\"@type\":\"ReadAction\",\"target\":[\"https:\/\/dentoconseil.com\/index.php\/pole-emploi\/\"]}]},{\"@type\":\"BreadcrumbList\",\"@id\":\"https:\/\/dentoconseil.com\/index.php\/pole-emploi\/#breadcrumb\",\"itemListElement\":[{\"@type\":\"ListItem\",\"position\":1,\"name\":\"Accueil\",\"item\":\"https:\/\/dentoconseil.com\/\"},{\"@type\":\"ListItem\",\"position\":2,\"name\":\"P\u00f4le Emploi\"}]},{\"@type\":\"WebSite\",\"@id\":\"https:\/\/dentoconseil.com\/#website\",\"url\":\"https:\/\/dentoconseil.com\/\",\"name\":\"Dento Conseil\",\"description\":\"Organisme de formation m\u00e9tiers de la proth\u00e8se dentaire\",\"publisher\":{\"@id\":\"https:\/\/dentoconseil.com\/#organization\"},\"potentialAction\":[{\"@type\":\"SearchAction\",\"target\":{\"@type\":\"EntryPoint\",\"urlTemplate\":\"https:\/\/dentoconseil.com\/?s={search_term_string}\"},\"query-input\":{\"@type\":\"PropertyValueSpecification\",\"valueRequired\":true,\"valueName\":\"search_term_string\"}}],\"inLanguage\":\"fr-FR\"},{\"@type\":\"Organization\",\"@id\":\"https:\/\/dentoconseil.com\/#organization\",\"name\":\"Dento Conseil\",\"url\":\"https:\/\/dentoconseil.com\/\",\"logo\":{\"@type\":\"ImageObject\",\"inLanguage\":\"fr-FR\",\"@id\":\"https:\/\/dentoconseil.com\/#\/schema\/logo\/image\/\",\"url\":\"https:\/\/dentoconseil.com\/wp-content\/uploads\/2020\/06\/3.png\",\"contentUrl\":\"https:\/\/dentoconseil.com\/wp-content\/uploads\/2020\/06\/3.png\",\"width\":800,\"height\":600,\"caption\":\"Dento Conseil\"},\"image\":{\"@id\":\"https:\/\/dentoconseil.com\/#\/schema\/logo\/image\/\"}}]}<\/script>\n<!-- \/ Yoast SEO plugin. -->","yoast_head_json":{"title":"P\u00f4le Emploi - Dento Conseil - Renseignez-vous sur vos droits...","description":"P\u00f4le emploi est un \u00e9tablissement public \u00e0 caract\u00e8re administratif, charg\u00e9 de l'emploi en France. DentOconseil vous donne plus de pr\u00e9cisions..","robots":{"index":"index","follow":"follow","max-snippet":"max-snippet:-1","max-image-preview":"max-image-preview:large","max-video-preview":"max-video-preview:-1"},"canonical":"https:\/\/dentoconseil.com\/index.php\/pole-emploi\/","og_locale":"fr_FR","og_type":"article","og_title":"P\u00f4le Emploi - Dento Conseil - Renseignez-vous sur vos droits...","og_description":"P\u00f4le emploi est un \u00e9tablissement public \u00e0 caract\u00e8re administratif, charg\u00e9 de l'emploi en France. DentOconseil vous donne plus de pr\u00e9cisions..","og_url":"https:\/\/dentoconseil.com\/index.php\/pole-emploi\/","og_site_name":"Dento Conseil","article_modified_time":"2021-07-12T10:50:01+00:00","twitter_card":"summary_large_image","twitter_misc":{"Dur\u00e9e de lecture estim\u00e9e":"7 minutes"},"schema":{"@context":"https:\/\/schema.org","@graph":[{"@type":"WebPage","@id":"https:\/\/dentoconseil.com\/index.php\/pole-emploi\/","url":"https:\/\/dentoconseil.com\/index.php\/pole-emploi\/","name":"P\u00f4le Emploi - Dento Conseil - Renseignez-vous sur vos droits...","isPartOf":{"@id":"https:\/\/dentoconseil.com\/#website"},"datePublished":"2021-07-01T23:05:27+00:00","dateModified":"2021-07-12T10:50:01+00:00","description":"P\u00f4le emploi est un \u00e9tablissement public \u00e0 caract\u00e8re administratif, charg\u00e9 de l'emploi en France. DentOconseil vous donne plus de pr\u00e9cisions..","breadcrumb":{"@id":"https:\/\/dentoconseil.com\/index.php\/pole-emploi\/#breadcrumb"},"inLanguage":"fr-FR","potentialAction":[{"@type":"ReadAction","target":["https:\/\/dentoconseil.com\/index.php\/pole-emploi\/"]}]},{"@type":"BreadcrumbList","@id":"https:\/\/dentoconseil.com\/index.php\/pole-emploi\/#breadcrumb","itemListElement":[{"@type":"ListItem","position":1,"name":"Accueil","item":"https:\/\/dentoconseil.com\/"},{"@type":"ListItem","position":2,"name":"P\u00f4le Emploi"}]},{"@type":"WebSite","@id":"https:\/\/dentoconseil.com\/#website","url":"https:\/\/dentoconseil.com\/","name":"Dento Conseil","description":"Organisme de formation m\u00e9tiers de la proth\u00e8se dentaire","publisher":{"@id":"https:\/\/dentoconseil.com\/#organization"},"potentialAction":[{"@type":"SearchAction","target":{"@type":"EntryPoint","urlTemplate":"https:\/\/dentoconseil.com\/?s={search_term_string}"},"query-input":{"@type":"PropertyValueSpecification","valueRequired":true,"valueName":"search_term_string"}}],"inLanguage":"fr-FR"},{"@type":"Organization","@id":"https:\/\/dentoconseil.com\/#organization","name":"Dento Conseil","url":"https:\/\/dentoconseil.com\/","logo":{"@type":"ImageObject","inLanguage":"fr-FR","@id":"https:\/\/dentoconseil.com\/#\/schema\/logo\/image\/","url":"https:\/\/dentoconseil.com\/wp-content\/uploads\/2020\/06\/3.png","contentUrl":"https:\/\/dentoconseil.com\/wp-content\/uploads\/2020\/06\/3.png","width":800,"height":600,"caption":"Dento Conseil"},"image":{"@id":"https:\/\/dentoconseil.com\/#\/schema\/logo\/image\/"}}]}},"_links":{"self":[{"href":"https:\/\/dentoconseil.com\/index.php\/wp-json\/wp\/v2\/pages\/2314","targetHints":{"allow":["GET"]}}],"collection":[{"href":"https:\/\/dentoconseil.com\/index.php\/wp-json\/wp\/v2\/pages"}],"about":[{"href":"https:\/\/dentoconseil.com\/index.php\/wp-json\/wp\/v2\/types\/page"}],"author":[{"embeddable":true,"href":"https:\/\/dentoconseil.com\/index.php\/wp-json\/wp\/v2\/users\/1"}],"replies":[{"embeddable":true,"href":"https:\/\/dentoconseil.com\/index.php\/wp-json\/wp\/v2\/comments?post=2314"}],"version-history":[{"count":8,"href":"https:\/\/dentoconseil.com\/index.php\/wp-json\/wp\/v2\/pages\/2314\/revisions"}],"predecessor-version":[{"id":2350,"href":"https:\/\/dentoconseil.com\/index.php\/wp-json\/wp\/v2\/pages\/2314\/revisions\/2350"}],"wp:attachment":[{"href":"https:\/\/dentoconseil.com\/index.php\/wp-json\/wp\/v2\/media?parent=2314"}],"curies":[{"name":"wp","href":"https:\/\/api.w.org\/{rel}","templated":true}]}}